{"id":371,"date":"2018-08-22T22:05:52","date_gmt":"2018-08-22T22:05:52","guid":{"rendered":"http:\/\/salvabre.ch\/?page_id=371"},"modified":"2021-01-14T20:34:52","modified_gmt":"2021-01-14T19:34:52","slug":"benvenutto","status":"publish","type":"page","link":"https:\/\/salvabre.ch\/?page_id=371&lang=it","title":{"rendered":"Introduzione"},"content":{"rendered":"<h3 style=\"text-align: center;\">Alcuni giornalisti hanno scoperto un progetto segreto per distruggere Monte Br\u00e8<\/h3>\n<h4 style=\"text-align: center;\"><strong>Un gruppo di speculatori vuole trasformare la montagna sopra Locarno, Monte Br\u00e8 e Cardada, in un mega-resort per multimilionari stranieri, accessibile in elicottero. Non li lasceremo fare.<\/strong><\/h4>\n<figure id=\"attachment_920\" aria-describedby=\"caption-attachment-920\" style=\"width: 640px\" class=\"wp-caption aligncenter\"><a href=\"http:\/\/salvabre.ch\/wp-content\/uploads\/2018\/08\/teaser-p-5.png\"><img loading=\"lazy\" class=\"wp-image-920 size-large\" src=\"http:\/\/salvabre.ch\/wp-content\/uploads\/2018\/08\/teaser-p-5-1024x576.png\" alt=\"\" width=\"640\" height=\"360\" srcset=\"https:\/\/salvabre.ch\/wp-content\/uploads\/2018\/08\/teaser-p-5-1024x576.png 1024w, https:\/\/salvabre.ch\/wp-content\/uploads\/2018\/08\/teaser-p-5-300x169.png 300w, https:\/\/salvabre.ch\/wp-content\/uploads\/2018\/08\/teaser-p-5-768x432.png 768w, https:\/\/salvabre.ch\/wp-content\/uploads\/2018\/08\/teaser-p-5-600x338.png 600w, https:\/\/salvabre.ch\/wp-content\/uploads\/2018\/08\/teaser-p-5.png 1333w\" sizes=\"(max-width: 640px) 100vw, 640px\" \/><\/a><figcaption id=\"caption-attachment-920\" class=\"wp-caption-text\">Pagina 5 del &#8220;investment teaser&#8221; che molti fondi di investimento stranieri hanno ricevuto, e che i giornalisti locali hanno pubblicato.<\/figcaption><\/figure>\n<p>Il piano segreto \u00e8 stato pubblicato ed \u00e8 <a href=\"http:\/\/salvabre.ch\/?page_id=1068&amp;lang=it\">accessibile a tutti<\/a>. Il progetto \u00e8 gi\u00e0 in fase avanzata: la parte pi\u00f9 importante (acquisizione di terreni) \u00e8 quasi completata.<\/p>\n<p>Gli abitanti di Monte Br\u00e8 <a href=\"http:\/\/salvabre.ch\/?page_id=1047&amp;lang=it\">chiedono aiuto<\/a>: a tutti gli uomini giusti e coraggiosi del mondo, aiutateci a prevenire questa follia e la distruzione della nostra comunit\u00e0 e della nostra montagna.<\/p>\n<h4>Su questo sito web, troverete :<\/h4>\n<ul>\n<li><a href=\"http:\/\/salvabre.ch\/?page_id=1068&amp;lang=it\">Una sintesi del progetto<\/a> speculativo e le relative prove.<\/li>\n<li><a href=\"http:\/\/salvabre.ch\/?page_id=1079&amp;lang=it\">Le nostre argomentazioni<\/a> (ecologiche, economiche e morali).<\/li>\n<li><a href=\"http:\/\/salvabre.ch\/?page_id=1047&amp;lang=it\">Un&#8217;idea molto semplice<\/a> per fermare questa follia.<\/li>\n<li><a href=\"http:\/\/salvabre.ch\/?page_id=1075&amp;lang=it\">Domande frequenti<\/a>.<\/li>\n<li>Un <a href=\"https:\/\/salvabre.ch\/?page_id=1509&amp;lang=it\">negozio online<\/a> e della merce che ci aiuta simbolicamente e finanziariamente.<\/li>\n<li>Il nostro <a href=\"http:\/\/salvabre.ch\/?page_id=1099&amp;lang=it\">blog<\/a>.<\/li>\n<\/ul>\n<hr \/>\n<h4>Post recenti<\/h4>\n<div class=\"display-posts-listing\"><div class=\"listing-item\"><a class=\"image\" href=\"https:\/\/salvabre.ch\/?p=2450&lang=it\"><img width=\"150\" height=\"150\" src=\"https:\/\/salvabre.ch\/wp-content\/uploads\/2018\/12\/press_release-150x150.png\" class=\"attachment-thumbnail size-thumbnail wp-post-image\" alt=\"\" loading=\"lazy\" srcset=\"https:\/\/salvabre.ch\/wp-content\/uploads\/2018\/12\/press_release-150x150.png 150w, https:\/\/salvabre.ch\/wp-content\/uploads\/2018\/12\/press_release-300x300.png 300w, https:\/\/salvabre.ch\/wp-content\/uploads\/2018\/12\/press_release-100x100.png 100w\" sizes=\"(max-width: 150px) 100vw, 150px\" \/><\/a> <a class=\"title\" href=\"https:\/\/salvabre.ch\/?p=2450&lang=it\">Comunicato Stampa (26 giugno 2024)<\/a> <span class=\"excerpt-dash\">-<\/span> <span class=\"excerpt\">Comunicato \u201cSalva Monte Br\u00e8&#8221; a seguito dell&#8217;avviso di pubblicazione del Piano Regolatore Variante &#8220;Iniziativa Salva Monte Br\u00e8&#8221; il 18 giugno 2024. Dopo la crescita in giudicato della decisione del Consiglio comunale dell\u20198 aprile 2024, il Comitato \u201cSalva Monte Br\u00e8\u201d si esprime positivamente sulle modifiche apportate dal legislativo alle norme pianificatorie del comparto montano di Br\u00e8 [&hellip;]<\/span><\/div><div class=\"listing-item\"><a class=\"image\" href=\"https:\/\/salvabre.ch\/?p=2437&lang=it\"><img width=\"150\" height=\"150\" src=\"https:\/\/salvabre.ch\/wp-content\/uploads\/2018\/12\/press_release-150x150.png\" class=\"attachment-thumbnail size-thumbnail wp-post-image\" alt=\"\" loading=\"lazy\" srcset=\"https:\/\/salvabre.ch\/wp-content\/uploads\/2018\/12\/press_release-150x150.png 150w, https:\/\/salvabre.ch\/wp-content\/uploads\/2018\/12\/press_release-300x300.png 300w, https:\/\/salvabre.ch\/wp-content\/uploads\/2018\/12\/press_release-100x100.png 100w\" sizes=\"(max-width: 150px) 100vw, 150px\" \/><\/a> <a class=\"title\" href=\"https:\/\/salvabre.ch\/?p=2437&lang=it\">Comunicato Stampa (6 giugno 2023)<\/a> <span class=\"excerpt-dash\">-<\/span> <span class=\"excerpt\">I promotori dell&#8217;iniziativa &#8220;Salva Monte Br\u00e8&#8221; esprimono soddisfazione dopo la pubblicazione della commissione PR Il Comitato \u201cSalva Monte Br\u00e8\u201d ha preso conoscenza nelle scorse settimane delle modifiche proposte dalla Commissione del piano regolatore riguardante il Settore 3 del Piano Regolatore della Citt\u00e0. Le proposte elaborate sono la conseguenza dell\u2019iniziativa da noi promossa nel 2019 che [&hellip;]<\/span><\/div><div class=\"listing-item\"><a class=\"image\" href=\"https:\/\/salvabre.ch\/?p=2402&lang=en\"><img width=\"150\" height=\"150\" src=\"https:\/\/salvabre.ch\/wp-content\/uploads\/2019\/02\/nopasaran-150x150.png\" class=\"attachment-thumbnail size-thumbnail wp-post-image\" alt=\"\" loading=\"lazy\" srcset=\"https:\/\/salvabre.ch\/wp-content\/uploads\/2019\/02\/nopasaran-150x150.png 150w, https:\/\/salvabre.ch\/wp-content\/uploads\/2019\/02\/nopasaran-300x300.png 300w, https:\/\/salvabre.ch\/wp-content\/uploads\/2019\/02\/nopasaran-100x100.png 100w\" sizes=\"(max-width: 150px) 100vw, 150px\" \/><\/a> <a class=\"title\" href=\"https:\/\/salvabre.ch\/?p=2402&lang=en\">Help Us<\/a> <span class=\"excerpt-dash\">-<\/span> <span class=\"excerpt\">Thanks to your support, we were able to give sufficient echo to the truth; this allowed us to obtain a &#8220;Zona di Pianificazione&#8221; (safeguarding measure), which temporarily safeguards the mountain, until a new &#8220;Piano Regolatore&#8221; (zoning regulation) is adopted. However, the barbarians who wish to destroy Monte Br\u00e8 have not yet surrendered. According to our [&hellip;]<\/span><\/div><div class=\"listing-item\"><a class=\"image\" href=\"https:\/\/salvabre.ch\/?p=2400&lang=de\"><img width=\"150\" height=\"150\" src=\"https:\/\/salvabre.ch\/wp-content\/uploads\/2019\/02\/nopasaran-150x150.png\" class=\"attachment-thumbnail size-thumbnail wp-post-image\" alt=\"\" loading=\"lazy\" srcset=\"https:\/\/salvabre.ch\/wp-content\/uploads\/2019\/02\/nopasaran-150x150.png 150w, https:\/\/salvabre.ch\/wp-content\/uploads\/2019\/02\/nopasaran-300x300.png 300w, https:\/\/salvabre.ch\/wp-content\/uploads\/2019\/02\/nopasaran-100x100.png 100w\" sizes=\"(max-width: 150px) 100vw, 150px\" \/><\/a> <a class=\"title\" href=\"https:\/\/salvabre.ch\/?p=2400&lang=de\">Unterst\u00fctzen Sie uns<\/a> <span class=\"excerpt-dash\">-<\/span> <span class=\"excerpt\">Dank Ihrer Unterst\u00fctzung konnten wir der Wahrheit gen\u00fcgend Geh\u00f6r verschaffen; dies hat es m\u00f6glich gemacht, eine &#8220;Zona di Pianificazione&#8221; zu erhalten, die den Berg vor\u00fcbergehend sch\u00fctzt, bis ein neuer &#8220;Piano Regolatore&#8221; verabschiedet wird. Doch die Barbaren, die den Monte Br\u00e8 zerst\u00f6ren wollen, haben noch nicht kapituliert. Nach unseren Informationen warten sie auf die n\u00e4chsten Wahlen [&hellip;]<\/span><\/div><div class=\"listing-item\"><a class=\"image\" href=\"https:\/\/salvabre.ch\/?p=2398&lang=it\"><img width=\"150\" height=\"150\" src=\"https:\/\/salvabre.ch\/wp-content\/uploads\/2019\/02\/nopasaran-150x150.png\" class=\"attachment-thumbnail size-thumbnail wp-post-image\" alt=\"\" loading=\"lazy\" srcset=\"https:\/\/salvabre.ch\/wp-content\/uploads\/2019\/02\/nopasaran-150x150.png 150w, https:\/\/salvabre.ch\/wp-content\/uploads\/2019\/02\/nopasaran-300x300.png 300w, https:\/\/salvabre.ch\/wp-content\/uploads\/2019\/02\/nopasaran-100x100.png 100w\" sizes=\"(max-width: 150px) 100vw, 150px\" \/><\/a> <a class=\"title\" href=\"https:\/\/salvabre.ch\/?p=2398&lang=it\">Aiutateci<\/a> <span class=\"excerpt-dash\">-<\/span> <span class=\"excerpt\">Grazie al vostro sostegno, abbiamo potuto dare sufficiente eco alla verit\u00e0; ci\u00f2 ha permesso di ottenere una Zona di Pianificazione, che salvaguarda temporaneamente la montagna fino all&#8217;adozione di un nuovo Piano Regolatore. Tuttavia, i barbari che vogliono distruggere Monte Br\u00e8 non si sono ancora arresi. Secondo le nostre informazioni, sono in attesa delle prossime elezioni [&hellip;]<\/span><\/div><div class=\"listing-item\"><a class=\"image\" href=\"https:\/\/salvabre.ch\/?p=2396&lang=fr\"><img width=\"150\" height=\"150\" src=\"https:\/\/salvabre.ch\/wp-content\/uploads\/2019\/02\/nopasaran-150x150.png\" class=\"attachment-thumbnail size-thumbnail wp-post-image\" alt=\"\" loading=\"lazy\" srcset=\"https:\/\/salvabre.ch\/wp-content\/uploads\/2019\/02\/nopasaran-150x150.png 150w, https:\/\/salvabre.ch\/wp-content\/uploads\/2019\/02\/nopasaran-300x300.png 300w, https:\/\/salvabre.ch\/wp-content\/uploads\/2019\/02\/nopasaran-100x100.png 100w\" sizes=\"(max-width: 150px) 100vw, 150px\" \/><\/a> <a class=\"title\" href=\"https:\/\/salvabre.ch\/?p=2396&lang=fr\">Aidez-nous<\/a> <span class=\"excerpt-dash\">-<\/span> <span class=\"excerpt\">Gr\u00e2ce \u00e0 votre soutien, nous avons \u00e9t\u00e9 capables de donner un \u00e9cho suffisant \u00e0 la v\u00e9rit\u00e9; cela a permis d&#8217;obtenir une Zona di Pianificazione, qui sauvegarde temporairement la montagne, jusqu&#8217;\u00e0 ce qu&#8217;un nouveau Piano Regolatore soit adopt\u00e9. Pourtant, les barbares qui souhaitent d\u00e9truire Monte Br\u00e8 n&#8217;ont pas encore capitul\u00e9. Selon nos informations, ils attendent les [&hellip;]<\/span><\/div><div class=\"listing-item\"><a class=\"image\" href=\"https:\/\/salvabre.ch\/?p=2337&lang=it\"><img width=\"150\" height=\"150\" src=\"https:\/\/salvabre.ch\/wp-content\/uploads\/2020\/03\/sondage_banner-150x150.png\" class=\"attachment-thumbnail size-thumbnail wp-post-image\" alt=\"\" loading=\"lazy\" srcset=\"https:\/\/salvabre.ch\/wp-content\/uploads\/2020\/03\/sondage_banner-150x150.png 150w, https:\/\/salvabre.ch\/wp-content\/uploads\/2020\/03\/sondage_banner-300x300.png 300w, https:\/\/salvabre.ch\/wp-content\/uploads\/2020\/03\/sondage_banner-100x100.png 100w\" sizes=\"(max-width: 150px) 100vw, 150px\" \/><\/a> <a class=\"title\" href=\"https:\/\/salvabre.ch\/?p=2337&lang=it\">Sondaggio per i candidati alle elezioni comunali di Locarno<\/a> <span class=\"excerpt-dash\">-<\/span> <span class=\"excerpt\">Cari amici, Nelle ultime settimane siamo stati contattati da numerosi elettori che ci hanno chiesto la nostra raccomandazione per le prossime elezioni comunali a Locarno. Tuttavia, la nostra associazione \u00e8 apartitica, e non vogliamo fare alcuna raccomandazione di voto particolare. Ci\u00f2 non significa, ovviamente, che la questione non sia importante. Vista la riuscita della raccolta [&hellip;]<\/span><\/div><div class=\"listing-item\"><a class=\"image\" href=\"https:\/\/salvabre.ch\/?p=2327&lang=it\"><img width=\"150\" height=\"150\" src=\"https:\/\/salvabre.ch\/wp-content\/uploads\/2020\/02\/debate-150x150.png\" class=\"attachment-thumbnail size-thumbnail wp-post-image\" alt=\"\" loading=\"lazy\" srcset=\"https:\/\/salvabre.ch\/wp-content\/uploads\/2020\/02\/debate-150x150.png 150w, https:\/\/salvabre.ch\/wp-content\/uploads\/2020\/02\/debate-300x300.png 300w, https:\/\/salvabre.ch\/wp-content\/uploads\/2020\/02\/debate-100x100.png 100w\" sizes=\"(max-width: 150px) 100vw, 150px\" \/><\/a> <a class=\"title\" href=\"https:\/\/salvabre.ch\/?p=2327&lang=it\">I difensori del maxi-resort escono dall&#8217;ombra<\/a> <span class=\"excerpt-dash\">-<\/span> <span class=\"excerpt\">Dopo un anno e mezzo di negazionismo, i difensori del maxi-resort si stanno finalmente scoprendo: sono favorevoli a trasformare Monte Br\u00e8 in una stazione montano-balneare per multimilionari stranieri. Siamo molto soddisfatti di questa franchezza appena ritrovata. Infatti, dal settembre 2018, le uniche critiche che avevamo sentito erano: &#8220;non c&#8217;\u00e8 un progetto&#8221;, &#8220;vi state agitando per [&hellip;]<\/span><\/div><div class=\"listing-item\"><a class=\"image\" href=\"https:\/\/salvabre.ch\/?p=2315&lang=it\"><img width=\"150\" height=\"150\" src=\"https:\/\/salvabre.ch\/wp-content\/uploads\/2018\/12\/press_release-150x150.png\" class=\"attachment-thumbnail size-thumbnail wp-post-image\" alt=\"\" loading=\"lazy\" srcset=\"https:\/\/salvabre.ch\/wp-content\/uploads\/2018\/12\/press_release-150x150.png 150w, https:\/\/salvabre.ch\/wp-content\/uploads\/2018\/12\/press_release-300x300.png 300w, https:\/\/salvabre.ch\/wp-content\/uploads\/2018\/12\/press_release-100x100.png 100w\" sizes=\"(max-width: 150px) 100vw, 150px\" \/><\/a> <a class=\"title\" href=\"https:\/\/salvabre.ch\/?p=2315&lang=it\">Comunicato Stampa (23 gennaio 2020)<\/a> <span class=\"excerpt-dash\">-<\/span> <span class=\"excerpt\">La serata Aedartis al Palacinema si \u00e8 trasformato in un fiasco per i promotori del maxi-resort a Br\u00e8 La societ\u00e0 speculativa Aedartis (gi\u00e0 Augur Invest) ha organizzato marted\u00ec sera una presentazione del suo progetto nella sala principale del Palacinema di Locarno. La popolazione, che aveva gi\u00e0 firmato la nostra iniziativa popolare in tempi record, ha [&hellip;]<\/span><\/div><div class=\"listing-item\"><a class=\"image\" href=\"https:\/\/salvabre.ch\/?p=2298&lang=en\"><img width=\"150\" height=\"150\" src=\"https:\/\/salvabre.ch\/wp-content\/uploads\/2019\/10\/Aedartis_Maxi_Resort_Is_Dead-150x150.jpg\" class=\"attachment-thumbnail size-thumbnail wp-post-image\" alt=\"\" loading=\"lazy\" srcset=\"https:\/\/salvabre.ch\/wp-content\/uploads\/2019\/10\/Aedartis_Maxi_Resort_Is_Dead-150x150.jpg 150w, https:\/\/salvabre.ch\/wp-content\/uploads\/2019\/10\/Aedartis_Maxi_Resort_Is_Dead-300x300.jpg 300w, https:\/\/salvabre.ch\/wp-content\/uploads\/2019\/10\/Aedartis_Maxi_Resort_Is_Dead-100x100.jpg 100w\" sizes=\"(max-width: 150px) 100vw, 150px\" \/><\/a> <a class=\"title\" href=\"https:\/\/salvabre.ch\/?p=2298&lang=en\">Swiss Public TV: The Aedartis Project in Monte Br\u00e8 Is Dead<\/a> <span class=\"excerpt-dash\">-<\/span> <span class=\"excerpt\">With the publication of a legal safeguarding measure, the &#8220;Zona di Pianificazione&#8221;, itself following a democratic popular initiative that has beaten all ratification records, the speculative real estate project promoted by Augur Invest AG \/ Aedartis AG in Monte Br\u00e8 sopra Locarno is officially dead: that is the gist of the announcement by the (German-speaking) [&hellip;]<\/span><\/div><\/div>\n","protected":false},"excerpt":{"rendered":"<p>Alcuni giornalisti hanno scoperto un progetto segreto per distruggere Monte Br\u00e8 Un gruppo di speculatori vuole trasformare la montagna sopra Locarno, Monte Br\u00e8 e Cardada, in un mega-resort per multimilionari stranieri, accessibile in elicottero. Non li lasceremo fare. Il piano segreto \u00e8 stato pubblicato ed \u00e8 accessibile a tutti. Il progetto \u00e8 gi\u00e0 in fase [&hellip;]<\/p>\n","protected":false},"author":1,"featured_media":0,"parent":0,"menu_order":0,"comment_status":"closed","ping_status":"closed","template":"","meta":[],"_links":{"self":[{"href":"https:\/\/salvabre.ch\/index.php?rest_route=\/wp\/v2\/pages\/371"}],"collection":[{"href":"https:\/\/salvabre.ch\/index.php?rest_route=\/wp\/v2\/pages"}],"about":[{"href":"https:\/\/salvabre.ch\/index.php?rest_route=\/wp\/v2\/types\/page"}],"author":[{"embeddable":true,"href":"https:\/\/salvabre.ch\/index.php?rest_route=\/wp\/v2\/users\/1"}],"replies":[{"embeddable":true,"href":"https:\/\/salvabre.ch\/index.php?rest_route=%2Fwp%2Fv2%2Fcomments&post=371"}],"version-history":[{"count":12,"href":"https:\/\/salvabre.ch\/index.php?rest_route=\/wp\/v2\/pages\/371\/revisions"}],"predecessor-version":[{"id":2421,"href":"https:\/\/salvabre.ch\/index.php?rest_route=\/wp\/v2\/pages\/371\/revisions\/2421"}],"wp:attachment":[{"href":"https:\/\/salvabre.ch\/index.php?rest_route=%2Fwp%2Fv2%2Fmedia&parent=371"}],"curies":[{"name":"wp","href":"https:\/\/api.w.org\/{rel}","templated":true}]}}